{"id":973,"date":"2017-03-21T12:02:52","date_gmt":"2017-03-21T12:02:52","guid":{"rendered":"http:\/\/www.figueruelas.es\/?page_id=973"},"modified":"2022-08-19T14:40:28","modified_gmt":"2022-08-19T13:40:28","slug":"fiestas-patronales","status":"publish","type":"page","link":"https:\/\/www.figueruelas.es\/index.php\/areas\/festejos\/fiestas-patronales\/","title":{"rendered":"Fiestas Patronales"},"content":{"rendered":"<div class=\"wpb-content-wrapper\"><p>[vc_row margin_bottom=\u00bb0px\u00bb css=\u00bb.vc_custom_1646141967301{margin-bottom: 20px !important;}\u00bb][vc_column width=\u00bb5\/6&#8243;][vc_custom_heading text=\u00bbSan Isidro\u00bb font_container=\u00bbtag:h2|text_align:left|color:%230077b9&#8243; use_theme_fonts=\u00bbyes\u00bb][vc_column_text]Se celebrar\u00e1 el <strong>s\u00e1bado m\u00e1s pr\u00f3ximo al 15 de mayo,<\/strong> en honor a los agricultores de nuestro pueblo.[\/vc_column_text][vc_separator color=\u00bbcustom\u00bb accent_color=\u00bb#94acba\u00bb][\/vc_column][vc_column width=\u00bb1\/6&#8243;]<style type=\"text\/css\" data-type=\"the7_shortcodes-inline-css\">.shortcode-single-image-wrap.shortcode-single-image-f71b319907e41021e0cda4a2ddba2218.enable-bg-rollover .rollover i,\n.shortcode-single-image-wrap.shortcode-single-image-f71b319907e41021e0cda4a2ddba2218.enable-bg-rollover .rollover-video i {\n  background: -webkit-linear-gradient();\n  background: linear-gradient();\n}\n.shortcode-single-image-wrap.shortcode-single-image-f71b319907e41021e0cda4a2ddba2218 .rollover-icon {\n  font-size: 32px;\n  color: #ffffff;\n  min-width: 44px;\n  min-height: 44px;\n  line-height: 44px;\n  border-radius: 100px;\n  border-style: solid;\n  border-width: 0px;\n}\n.dt-icon-bg-on.shortcode-single-image-wrap.shortcode-single-image-f71b319907e41021e0cda4a2ddba2218 .rollover-icon {\n  background: rgba(255,255,255,0.3);\n  box-shadow: none;\n}<\/style><div class=\"shortcode-single-image-wrap shortcode-single-image-f71b319907e41021e0cda4a2ddba2218 alignnone  enable-bg-rollover dt-icon-bg-off\" style=\"margin-top:0px; margin-bottom:0px; margin-left:0px; margin-right:0px;\"><div class=\"shortcode-single-image\"><div class=\"fancy-media-wrap  layzr-bg\" style=\"border-radius:5px;\"><img fetchpriority=\"high\" decoding=\"async\" class=\"preload-me lazy-load aspect\" src=\"data:image\/svg+xml,%3Csvg%20xmlns%3D&#39;http%3A%2F%2Fwww.w3.org%2F2000%2Fsvg&#39;%20viewBox%3D&#39;0%200%20207%20431&#39;%2F%3E\" data-src=\"https:\/\/www.figueruelas.es\/wp-content\/uploads\/2017\/03\/SAN_ISIDRO.png\" data-srcset=\"https:\/\/www.figueruelas.es\/wp-content\/uploads\/2017\/03\/SAN_ISIDRO.png 207w\" loading=\"eager\" sizes=\"(max-width: 207px) 100vw, 207px\" width=\"207\" height=\"431\"  data-dt-location=\"https:\/\/www.figueruelas.es\/index.php\/areas\/festejos\/fiestas-patronales\/san_isidro\/\" style=\"--ratio: 207 \/ 431;box-shadow:2px 2px 2px 2px rgba(0,0,0,0.5); -webkit-box-shadow:2px 2px 2px 2px rgba(0,0,0,0.5); border-radius:5px;\" alt=\"San Isidro\" \/><\/div><\/div><\/div>[\/vc_column][\/vc_row][vc_row margin_bottom=\u00bb0px\u00bb css=\u00bb.vc_custom_1646142548505{margin-bottom: 20px !important;}\u00bb][vc_column][vc_custom_heading text=\u00bbSanto Cristo\u00bb font_container=\u00bbtag:h2|text_align:left|color:%230077b9&#8243; use_theme_fonts=\u00bbyes\u00bb][vc_row_inner][vc_column_inner width=\u00bb3\/12&#8243;]<style type=\"text\/css\" data-type=\"the7_shortcodes-inline-css\">.shortcode-single-image-wrap.shortcode-single-image-4abdc70d720fb89f17631e92639ee460.enable-bg-rollover .rollover i,\n.shortcode-single-image-wrap.shortcode-single-image-4abdc70d720fb89f17631e92639ee460.enable-bg-rollover .rollover-video i {\n  background: -webkit-linear-gradient();\n  background: linear-gradient();\n}\n.shortcode-single-image-wrap.shortcode-single-image-4abdc70d720fb89f17631e92639ee460 .rollover-icon {\n  font-size: 32px;\n  color: #ffffff;\n  min-width: 44px;\n  min-height: 44px;\n  line-height: 44px;\n  border-radius: 100px;\n  border-style: solid;\n  border-width: 0px;\n}\n.dt-icon-bg-on.shortcode-single-image-wrap.shortcode-single-image-4abdc70d720fb89f17631e92639ee460 .rollover-icon {\n  background: rgba(255,255,255,0.3);\n  box-shadow: none;\n}<\/style><div class=\"shortcode-single-image-wrap shortcode-single-image-4abdc70d720fb89f17631e92639ee460 alignnone  vc_custom_1646141955016 enable-bg-rollover dt-icon-bg-off\" ><div class=\"shortcode-single-image\"><div class=\"fancy-media-wrap  layzr-bg\" style=\"border-radius:5px;\"><img decoding=\"async\" class=\"preload-me lazy-load aspect\" src=\"data:image\/svg+xml,%3Csvg%20xmlns%3D&#39;http%3A%2F%2Fwww.w3.org%2F2000%2Fsvg&#39;%20viewBox%3D&#39;0%200%20136%20199&#39;%2F%3E\" data-src=\"https:\/\/www.figueruelas.es\/wp-content\/uploads\/2017\/03\/Santo_Cristo_2012.png\" data-srcset=\"https:\/\/www.figueruelas.es\/wp-content\/uploads\/2017\/03\/Santo_Cristo_2012.png 136w\" loading=\"eager\" sizes=\"(max-width: 136px) 100vw, 136px\" width=\"136\" height=\"199\"  data-dt-location=\"https:\/\/www.figueruelas.es\/index.php\/areas\/festejos\/fiestas-patronales\/santo_cristo_2012\/\" style=\"--ratio: 136 \/ 199;box-shadow:2px 2px 2px 2px rgba(0,0,0,0.5); -webkit-box-shadow:2px 2px 2px 2px rgba(0,0,0,0.5); border-radius:5px;\" alt=\"Santo Cristo\" \/><\/div><\/div><\/div>[\/vc_column_inner][vc_column_inner width=\u00bb9\/12&#8243;][vc_column_text]Se celebra el <strong>24 de agosto,<\/strong> en este momento se ha convertido en la fiesta principal del municipio por su climatolog\u00eda.<\/p>\n<p>Las fiestas comienzan con el tradicional disparo del cohete y pasacalles acompa\u00f1ado de cabezudos y charanga. Esa misma tarde se realiza el concurso de carrozas y comparsas, uno de los actos m\u00e1s multitudinarios de las fiestas.<\/p>\n<p>El d\u00eda 24 de agosto hay misa y procesi\u00f3n en honor a nuestro patr\u00f3n Santo Cristo, posteriormente verm\u00fa popular para todos los vecinos y vecinas de la localidad.<\/p>\n<p>El resto de d\u00edas se realizan diferentes actos organizados por la comisi\u00f3n de festejos, actuaciones musicales, infantiles, festejos taurinos en calle y plaza, etc.[\/vc_column_text][\/vc_column_inner][\/vc_row_inner][vc_separator color=\u00bbcustom\u00bb accent_color=\u00bb#94acba\u00bb][\/vc_column][\/vc_row][vc_row][vc_column][vc_custom_heading text=\u00bbSanta B\u00e1rbara\u00bb font_container=\u00bbtag:h2|text_align:left|color:%230077b9&#8243; use_theme_fonts=\u00bbyes\u00bb][vc_row_inner][vc_column_inner width=\u00bb9\/12&#8243;][vc_column_text]<span style=\"color: #000000;\">Se celebra el <strong>4 de diciembre,<\/strong> anta\u00f1o eran la fiesta principal de la localidad. Comienzan con el tradicional disparo del cohete y el pasacalle de cabezudos y charanga. <\/span><\/p>\n<p><span style=\"color: #000000;\">El d\u00eda 4 de diciembre se celebra la misa y la procesi\u00f3n en honor a nuestra patrona Santa B\u00e1rbara y por la noche la tradicional hoguera con pastas y quemadillo.<\/span><\/p>\n<p><span style=\"color: #000000;\">El resto de fiestas almuerzos, festejos taurinos, concurso de rancho, orquestas, etc.<\/span>[\/vc_column_text][\/vc_column_inner][vc_column_inner width=\u00bb3\/12&#8243;]<style type=\"text\/css\" data-type=\"the7_shortcodes-inline-css\">.shortcode-single-image-wrap.shortcode-single-image-4de4148b72ce8dde7865171669c3b5a6.enable-bg-rollover .rollover i,\n.shortcode-single-image-wrap.shortcode-single-image-4de4148b72ce8dde7865171669c3b5a6.enable-bg-rollover .rollover-video i {\n  background: -webkit-linear-gradient();\n  background: linear-gradient();\n}\n.shortcode-single-image-wrap.shortcode-single-image-4de4148b72ce8dde7865171669c3b5a6 .rollover-icon {\n  font-size: 32px;\n  color: #ffffff;\n  min-width: 44px;\n  min-height: 44px;\n  line-height: 44px;\n  border-radius: 100px;\n  border-style: solid;\n  border-width: 0px;\n}\n.dt-icon-bg-on.shortcode-single-image-wrap.shortcode-single-image-4de4148b72ce8dde7865171669c3b5a6 .rollover-icon {\n  background: rgba(255,255,255,0.3);\n  box-shadow: none;\n}<\/style><div class=\"shortcode-single-image-wrap shortcode-single-image-4de4148b72ce8dde7865171669c3b5a6 alignnone  vc_custom_1646142379455 enable-bg-rollover dt-icon-bg-off\" ><div class=\"shortcode-single-image\"><div class=\"fancy-media-wrap  layzr-bg\" style=\"border-radius:5px;\"><img decoding=\"async\" class=\"preload-me lazy-load aspect\" src=\"data:image\/svg+xml,%3Csvg%20xmlns%3D&#39;http%3A%2F%2Fwww.w3.org%2F2000%2Fsvg&#39;%20viewBox%3D&#39;0%200%20132%20232&#39;%2F%3E\" data-src=\"https:\/\/www.figueruelas.es\/wp-content\/uploads\/2017\/03\/santabarbara.jpg\" data-srcset=\"https:\/\/www.figueruelas.es\/wp-content\/uploads\/2017\/03\/santabarbara.jpg 132w\" loading=\"eager\" sizes=\"(max-width: 132px) 100vw, 132px\" width=\"132\" height=\"232\"  data-dt-location=\"https:\/\/www.figueruelas.es\/index.php\/areas\/festejos\/fiestas-patronales\/santabarbara\/\" style=\"--ratio: 132 \/ 232;box-shadow:2px 2px 2px 2px rgba(0,0,0,0.5); -webkit-box-shadow:2px 2px 2px 2px rgba(0,0,0,0.5); border-radius:5px;\" alt=\"Santa Barbara\" \/><\/div><\/div><\/div>[\/vc_column_inner][\/vc_row_inner][vc_separator color=\u00bbcustom\u00bb accent_color=\u00bb#94acba\u00bb][\/vc_column][\/vc_row][vc_row][vc_column width=\u00bb1\/6&#8243;]<style type=\"text\/css\" data-type=\"the7_shortcodes-inline-css\">.shortcode-single-image-wrap.shortcode-single-image-095d66425b2413d46955fb9ee161a9d6.enable-bg-rollover .rollover i,\n.shortcode-single-image-wrap.shortcode-single-image-095d66425b2413d46955fb9ee161a9d6.enable-bg-rollover .rollover-video i {\n  background: -webkit-linear-gradient();\n  background: linear-gradient();\n}\n.shortcode-single-image-wrap.shortcode-single-image-095d66425b2413d46955fb9ee161a9d6 .rollover-icon {\n  font-size: 32px;\n  color: #ffffff;\n  min-width: 44px;\n  min-height: 44px;\n  line-height: 44px;\n  border-radius: 100px;\n  border-style: solid;\n  border-width: 0px;\n}\n.dt-icon-bg-on.shortcode-single-image-wrap.shortcode-single-image-095d66425b2413d46955fb9ee161a9d6 .rollover-icon {\n  background: rgba(255,255,255,0.3);\n  box-shadow: none;\n}<\/style><div class=\"shortcode-single-image-wrap shortcode-single-image-095d66425b2413d46955fb9ee161a9d6 alignnone  vc_custom_1646142682119 enable-bg-rollover dt-icon-bg-off\" ><div class=\"shortcode-single-image\"><div class=\"fancy-media-wrap  layzr-bg\" style=\"border-radius:5px;\"><img decoding=\"async\" class=\"preload-me lazy-load aspect\" src=\"data:image\/svg+xml,%3Csvg%20xmlns%3D&#39;http%3A%2F%2Fwww.w3.org%2F2000%2Fsvg&#39;%20viewBox%3D&#39;0%200%2099%20131&#39;%2F%3E\" data-src=\"https:\/\/www.figueruelas.es\/wp-content\/uploads\/2018\/06\/San-Juan-Asociativo.jpg\" data-srcset=\"https:\/\/www.figueruelas.es\/wp-content\/uploads\/2018\/06\/San-Juan-Asociativo.jpg 99w\" loading=\"eager\" sizes=\"(max-width: 99px) 100vw, 99px\" width=\"99\" height=\"131\"  data-dt-location=\"https:\/\/www.figueruelas.es\/index.php\/areas\/festejos\/fiestas-patronales\/san-juan-asociativo\/\" style=\"--ratio: 99 \/ 131;box-shadow:2px 2px 2px 2px rgba(0,0,0,0.5); -webkit-box-shadow:2px 2px 2px 2px rgba(0,0,0,0.5); border-radius:5px;\" alt=\"San Juan Asociativo\" \/><\/div><\/div><\/div>[\/vc_column][vc_column width=\u00bb5\/6&#8243;][vc_custom_heading text=\u00bbSan Juan asociativo\u00bb font_container=\u00bbtag:h2|text_align:left|color:%230077b9&#8243; use_theme_fonts=\u00bbyes\u00bb][vc_column_text]Se celebrar\u00e1 el <strong>s\u00e1bado m\u00e1s pr\u00f3ximo al 24 de junio<\/strong>, para festejar el solsticio de verano y lo organiza la comisi\u00f3n de cultura en colaboraci\u00f3n con las asociaciones del pueblo.[\/vc_column_text][\/vc_column][\/vc_row]<\/p>\n<\/div>","protected":false},"excerpt":{"rendered":"<p>[vc_row margin_bottom=\u00bb0px\u00bb css=\u00bb.vc_custom_1646141967301{margin-bottom: 20px !important;}\u00bb][vc_column width=\u00bb5\/6&#8243;][vc_custom_heading text=\u00bbSan Isidro\u00bb font_container=\u00bbtag:h2|text_align:left|color:%230077b9&#8243; use_theme_fonts=\u00bbyes\u00bb][vc_column_text]Se celebrar\u00e1 el s\u00e1bado m\u00e1s pr\u00f3ximo al 15 de mayo, en honor a los agricultores de nuestro pueblo.[\/vc_column_text][vc_separator color=\u00bbcustom\u00bb accent_color=\u00bb#94acba\u00bb][\/vc_column][vc_column width=\u00bb1\/6&#8243;][\/vc_column][\/vc_row][vc_row margin_bottom=\u00bb0px\u00bb css=\u00bb.vc_custom_1646142548505{margin-bottom: 20px !important;}\u00bb][vc_column][vc_custom_heading text=\u00bbSanto Cristo\u00bb font_container=\u00bbtag:h2|text_align:left|color:%230077b9&#8243; use_theme_fonts=\u00bbyes\u00bb][vc_row_inner][vc_column_inner width=\u00bb3\/12&#8243;][\/vc_column_inner][vc_column_inner width=\u00bb9\/12&#8243;][vc_column_text]Se celebra el 24 de agosto, en este momento se ha convertido en la fiesta principal&hellip;<\/p>\n","protected":false},"author":1,"featured_media":0,"parent":1256,"menu_order":0,"comment_status":"closed","ping_status":"closed","template":"","meta":{"footnotes":""},"class_list":["post-973","page","type-page","status-publish","hentry","description-off"],"aioseo_notices":[],"publishpress_future_action":{"enabled":false,"date":"2026-05-10 09:03:05","action":"change-status","newStatus":"draft","terms":[],"taxonomy":"","extraData":[]},"publishpress_future_workflow_manual_trigger":{"enabledWorkflows":[]},"_links":{"self":[{"href":"https:\/\/www.figueruelas.es\/index.php\/wp-json\/wp\/v2\/pages\/973","targetHints":{"allow":["GET"]}}],"collection":[{"href":"https:\/\/www.figueruelas.es\/index.php\/wp-json\/wp\/v2\/pages"}],"about":[{"href":"https:\/\/www.figueruelas.es\/index.php\/wp-json\/wp\/v2\/types\/page"}],"author":[{"embeddable":true,"href":"https:\/\/www.figueruelas.es\/index.php\/wp-json\/wp\/v2\/users\/1"}],"replies":[{"embeddable":true,"href":"https:\/\/www.figueruelas.es\/index.php\/wp-json\/wp\/v2\/comments?post=973"}],"version-history":[{"count":15,"href":"https:\/\/www.figueruelas.es\/index.php\/wp-json\/wp\/v2\/pages\/973\/revisions"}],"predecessor-version":[{"id":3251,"href":"https:\/\/www.figueruelas.es\/index.php\/wp-json\/wp\/v2\/pages\/973\/revisions\/3251"}],"up":[{"embeddable":true,"href":"https:\/\/www.figueruelas.es\/index.php\/wp-json\/wp\/v2\/pages\/1256"}],"wp:attachment":[{"href":"https:\/\/www.figueruelas.es\/index.php\/wp-json\/wp\/v2\/media?parent=973"}],"curies":[{"name":"wp","href":"https:\/\/api.w.org\/{rel}","templated":true}]}}